{"id":3344,"date":"2020-03-11T12:30:51","date_gmt":"2020-03-11T12:30:51","guid":{"rendered":"https:\/\/avvbufala.org\/?page_id=3344"},"modified":"2021-01-29T11:14:30","modified_gmt":"2021-01-29T11:14:30","slug":"biblioteca","status":"publish","type":"page","link":"https:\/\/avvbufala.org\/?page_id=3344","title":{"rendered":"Biblioteca Maria Aur\u00e8lia Capmany"},"content":{"rendered":"<figure><img decoding=\"async\" class=\"aligncenter\" src=\"https:\/\/avvbufala.org\/wp-content\/uploads\/2020\/11\/logotip-BIBLIOTECA-234x300.png\" sizes=\"(max-width: 234px) 100vw, 234px\" srcset=\"https:\/\/avvbufala.org\/wp-content\/uploads\/2020\/11\/logotip-BIBLIOTECA-234x300.png 234w, https:\/\/avvbufala.org\/wp-content\/uploads\/2020\/11\/logotip-BIBLIOTECA-800x1024.png 800w, https:\/\/avvbufala.org\/wp-content\/uploads\/2020\/11\/logotip-BIBLIOTECA-768x983.png 768w, https:\/\/avvbufala.org\/wp-content\/uploads\/2020\/11\/logotip-BIBLIOTECA-1200x1536.png 1200w, https:\/\/avvbufala.org\/wp-content\/uploads\/2020\/11\/logotip-BIBLIOTECA-1600x2048.png 1600w, https:\/\/avvbufala.org\/wp-content\/uploads\/2020\/11\/logotip-BIBLIOTECA-47x60.png 47w\" alt=\"\" width=\"193\" height=\"247\"><\/figure>\n<p style=\"text-align: center;\">La nostra \u00e9s una biblioteca autogestionada per ve\u00efns i ve\u00efnes del barri i ubicada al local de l&#8217;Associaci\u00f3 de ve\u00efns de Bufal\u00e0.<br>Neix de la necessitat d&#8217;oferir al ve\u00efnat eines i activitats culturals, ja que el barri no compta amb cap equipament sociocultural municipal.<br>L\u2019objectiu de la nostra biblioteca \u00e9s impulsar i dinamitzar la participaci\u00f3 del ve\u00efnat en fer evident la necessitat d&#8217;una biblioteca p\u00fablica i un espai per al jovent del barri.<br>Dia a dia intentem promoure la relaci\u00f3 i interacci\u00f3 entre el ve\u00efnat i, dotar al barri d&#8217;un espai de trobada, d&#8217;estudi, cultural, art\u00edstic i educatiu.<br>Comptem&nbsp;amb un equip de persones volunt\u00e0ries que durant la setmana us atendran en el servei de pr\u00e9stec&nbsp;de llibres.<\/p>\n<p style=\"text-align: center;\">Si vols contactar amb nosaltres fes-ho mitjan\u00e7ant correu electr\u00f2nic a&nbsp;&nbsp;<a style=\"font-size: 1em;\" href=\"mailto:bibliotecacapmanybufala@gmail.com\" target=\"_blank\" rel=\"noopener\">bibliotecacapmanybufala@<wbr>gmail.com<\/a><\/p>\n<figure><img fetchpriority=\"high\" decoding=\"async\" src=\"https:\/\/avvbufala.org\/wp-content\/uploads\/2020\/11\/Ratoli-de-biblioteca-212x300.png\" sizes=\"(max-width: 212px) 100vw, 212px\" srcset=\"https:\/\/avvbufala.org\/wp-content\/uploads\/2020\/11\/Ratoli-de-biblioteca-212x300.png 212w, https:\/\/avvbufala.org\/wp-content\/uploads\/2020\/11\/Ratoli-de-biblioteca-724x1024.png 724w, https:\/\/avvbufala.org\/wp-content\/uploads\/2020\/11\/Ratoli-de-biblioteca-768x1086.png 768w, https:\/\/avvbufala.org\/wp-content\/uploads\/2020\/11\/Ratoli-de-biblioteca-1086x1536.png 1086w, https:\/\/avvbufala.org\/wp-content\/uploads\/2020\/11\/Ratoli-de-biblioteca-1448x2048.png 1448w\" alt=\"\" width=\"212\" height=\"300\"><\/figure>\n<p>Tom, el ratol\u00ed de la biblioteca.<\/p>\n<figure>\n<p>&nbsp;<\/p>\n<p>&nbsp;<\/p>\n<p><img decoding=\"async\" src=\"https:\/\/avvbufala.org\/wp-content\/uploads\/2020\/11\/cartell-reobrim-octubre-2020-1024x808.jpg\" sizes=\"(max-width: 810px) 100vw, 810px\" srcset=\"https:\/\/avvbufala.org\/wp-content\/uploads\/2020\/11\/cartell-reobrim-octubre-2020-1024x808.jpg 1024w, https:\/\/avvbufala.org\/wp-content\/uploads\/2020\/11\/cartell-reobrim-octubre-2020-300x237.jpg 300w, https:\/\/avvbufala.org\/wp-content\/uploads\/2020\/11\/cartell-reobrim-octubre-2020-768x606.jpg 768w, https:\/\/avvbufala.org\/wp-content\/uploads\/2020\/11\/cartell-reobrim-octubre-2020-1536x1212.jpg 1536w, https:\/\/avvbufala.org\/wp-content\/uploads\/2020\/11\/cartell-reobrim-octubre-2020-2048x1616.jpg 2048w, https:\/\/avvbufala.org\/wp-content\/uploads\/2020\/11\/cartell-reobrim-octubre-2020-570x450.jpg 570w\" alt=\"\" width=\"810\" height=\"639\"><br><img loading=\"lazy\" decoding=\"async\" src=\"https:\/\/avvbufala.org\/wp-content\/uploads\/2020\/12\/cartel-biblio.jpg\" sizes=\"(max-width: 364px) 100vw, 364px\" srcset=\"https:\/\/avvbufala.org\/wp-content\/uploads\/2020\/12\/cartel-biblio.jpg 364w, https:\/\/avvbufala.org\/wp-content\/uploads\/2020\/12\/cartel-biblio-208x300.jpg 208w, https:\/\/avvbufala.org\/wp-content\/uploads\/2020\/12\/cartel-biblio-42x60.jpg 42w\" alt=\"\" width=\"364\" height=\"524\"><\/p>\n<\/figure>\n<h2>Us deixem el link de l&#8217;instagram de la Biblioteca perqu\u00e8 el pugueu seguir!<\/h2>\n\n","protected":false},"excerpt":{"rendered":"<p>La nostra \u00e9s una biblioteca autogestionada per ve\u00efns i ve\u00efnes del barri i ubicada al local de l&#8217;Associaci\u00f3 de ve\u00efns de Bufal\u00e0.Neix de la necessitat d&#8217;oferir al ve\u00efnat eines i activitats culturals, ja que el barri no compta amb cap equipament sociocultural municipal.L\u2019objectiu de la nostra biblioteca \u00e9s impulsar i dinamitzar la participaci\u00f3 del ve\u00efnat &hellip; <\/p>\n","protected":false},"author":1,"featured_media":0,"parent":0,"menu_order":0,"comment_status":"closed","ping_status":"closed","template":"","meta":{"ngg_post_thumbnail":0,"footnotes":""},"_links":{"self":[{"href":"https:\/\/avvbufala.org\/index.php?rest_route=\/wp\/v2\/pages\/3344"}],"collection":[{"href":"https:\/\/avvbufala.org\/index.php?rest_route=\/wp\/v2\/pages"}],"about":[{"href":"https:\/\/avvbufala.org\/index.php?rest_route=\/wp\/v2\/types\/page"}],"author":[{"embeddable":true,"href":"https:\/\/avvbufala.org\/index.php?rest_route=\/wp\/v2\/users\/1"}],"replies":[{"embeddable":true,"href":"https:\/\/avvbufala.org\/index.php?rest_route=%2Fwp%2Fv2%2Fcomments&post=3344"}],"version-history":[{"count":0,"href":"https:\/\/avvbufala.org\/index.php?rest_route=\/wp\/v2\/pages\/3344\/revisions"}],"wp:attachment":[{"href":"https:\/\/avvbufala.org\/index.php?rest_route=%2Fwp%2Fv2%2Fmedia&parent=3344"}],"curies":[{"name":"wp","href":"https:\/\/api.w.org\/{rel}","templated":true}]}}